{"id":1896,"date":"2025-05-08T08:20:33","date_gmt":"2025-05-08T08:20:33","guid":{"rendered":"https:\/\/fincalatorre.icomdi.com\/?post_type=product&#038;p=1896"},"modified":"2025-07-21T09:13:10","modified_gmt":"2025-07-21T09:13:10","slug":"coleccion-monovarietales-4x100ml-cosecha-2024-25-precio-b2b","status":"publish","type":"product","link":"https:\/\/fincalatorre.icomdi.com\/en\/productos\/packs\/coleccion-monovarietales-4x100ml-cosecha-2024-25-precio-b2b\/","title":{"rendered":"Colecci\u00f3n Monovarietales 4x100ml Cosecha 2024-25 &#8211; Precio B2B"},"content":{"rendered":"","protected":false},"excerpt":{"rendered":"<div id=\"cuerpopropiedades\">\n<div class=\"detallesizq\">\n<div id=\"descprod\">\n<p style=\"text-align: left;\">Combinaci\u00f3n de Selecci\u00f3n Hojiblanca, Selecci\u00f3n Arbequina, Selecci\u00f3n Cornicabra, Selecci\u00f3n Picudo. Podr\u00e1s disfrutar de los distintos sabores y contrastes de cada variedad de nuestra finca.<\/p>\n<p style=\"text-align: left;\"><img decoding=\"async\" src=\"https:\/\/fincalatorre.icomdi.com\/media\/oliva.png\" alt=\"\" \/> 100 % hojiblanca, 100 % arbequina, 100% cornicabra y 100% picudo.<\/p>\n<p style=\"text-align: left;\"><img decoding=\"async\" src=\"https:\/\/fincalatorre.icomdi.com\/media\/cubiertos.png\" alt=\"\" \/> La variedad cornicabra es excelente para potenciar el sabor de asados de cordero, de cochinillo, o de pavo, as\u00ed como pescados potentes como el salm\u00f3n o el bacalao. Es ideal, adem\u00e1s,\u00a0 para cocinar unos huevos revueltos con setas.<\/p>\n<p style=\"text-align: left;\">La Selecci\u00f3n picudo es fant\u00e1stica\u00a0 para desayunos con panes tradicionales, panettone y boller\u00eda. Tambi\u00e9n en platos fr\u00edos, emulsiones, salsas caseras de tomate, carpaccios, setas y pescados blancos.<\/p>\n<p style=\"text-align: left;\">La Selecci\u00f3n Hojiblanca, estupenda para\u00a0 ensaladas suaves, marinados de carnes, pescados azules, carpaccios de carne y pescado, emulsiones intensas, vinagretas y cremas.<\/p>\n<p style=\"text-align: left;\">La variedad Arbequina, ideal para usarlo en crudo, en platos que necesiten aromatizaci\u00f3n, como las ensaladas, verduras a la parrilla, marinado, salsas como la mayonesa, el alioli y la vinagreta; cremas fr\u00edas (salmorejos y gazpachos); masas de reposter\u00eda y frutas tropicales \u00e1cidas.<\/p>\n<p style=\"text-align: left;\">Consejos de utilizaci\u00f3n: Consumo directo, no precisa tratamiento culinario previo. Conservar en lugar fresco y seco. Proteger de la exposici\u00f3n directa a la luz.<\/p>\n<\/div>\n<\/div>\n<\/div>\n","protected":false},"featured_media":1234,"comment_status":"open","ping_status":"closed","template":"","meta":{"_acf_changed":false},"product_brand":[],"product_cat":[41],"product_tag":[55],"class_list":["post-1896","product","type-product","status-publish","has-post-thumbnail","product_cat-packs","product_tag-b2b","first","instock","taxable","shipping-taxable","purchasable","product-type-variable"],"acf":[],"_links":{"self":[{"href":"https:\/\/fincalatorre.icomdi.com\/en\/wp-json\/wp\/v2\/product\/1896","targetHints":{"allow":["GET"]}}],"collection":[{"href":"https:\/\/fincalatorre.icomdi.com\/en\/wp-json\/wp\/v2\/product"}],"about":[{"href":"https:\/\/fincalatorre.icomdi.com\/en\/wp-json\/wp\/v2\/types\/product"}],"replies":[{"embeddable":true,"href":"https:\/\/fincalatorre.icomdi.com\/en\/wp-json\/wp\/v2\/comments?post=1896"}],"version-history":[{"count":2,"href":"https:\/\/fincalatorre.icomdi.com\/en\/wp-json\/wp\/v2\/product\/1896\/revisions"}],"predecessor-version":[{"id":2891,"href":"https:\/\/fincalatorre.icomdi.com\/en\/wp-json\/wp\/v2\/product\/1896\/revisions\/2891"}],"wp:featuredmedia":[{"embeddable":true,"href":"https:\/\/fincalatorre.icomdi.com\/en\/wp-json\/wp\/v2\/media\/1234"}],"wp:attachment":[{"href":"https:\/\/fincalatorre.icomdi.com\/en\/wp-json\/wp\/v2\/media?parent=1896"}],"wp:term":[{"taxonomy":"product_brand","embeddable":true,"href":"https:\/\/fincalatorre.icomdi.com\/en\/wp-json\/wp\/v2\/product_brand?post=1896"},{"taxonomy":"product_cat","embeddable":true,"href":"https:\/\/fincalatorre.icomdi.com\/en\/wp-json\/wp\/v2\/product_cat?post=1896"},{"taxonomy":"product_tag","embeddable":true,"href":"https:\/\/fincalatorre.icomdi.com\/en\/wp-json\/wp\/v2\/product_tag?post=1896"}],"curies":[{"name":"wp","href":"https:\/\/api.w.org\/{rel}","templated":true}]}}